{"id":6703,"date":"2018-02-20T10:16:56","date_gmt":"2018-02-20T10:16:56","guid":{"rendered":"http:\/\/nueva.ingenieriaprocon.com\/?page_id=6703"},"modified":"2018-06-21T17:31:11","modified_gmt":"2018-06-21T17:31:11","slug":"evaluacion-ambiental","status":"publish","type":"page","link":"https:\/\/ingenieriaprocon.com\/es\/medio-ambiente\/evaluacion-ambiental\/","title":{"rendered":"Evaluaci\u00f3n ambiental"},"content":{"rendered":"<p>[vc_row][vc_column][vc_empty_space height=\u00bb0&#8243; css=\u00bb.vc_custom_1464093011147{margin-top: -9px !important;}\u00bb][\/vc_column][\/vc_row][vc_row][vc_column][vc_single_image image=\u00bb7884&#8243; img_size=\u00bbfull\u00bb][\/vc_column][\/vc_row][vc_row css=\u00bb.vc_custom_1462367302295{padding-top: 40px !important;}\u00bb][vc_column][vc_column_text]En <strong>INGENIER\u00cdA PROCON<\/strong> disponemos de un equipo de ingenieros t\u00e9cnicos especializados en la realizaci\u00f3n de estudios espec\u00edficos para la evaluaci\u00f3n del impacto ambiental, o la realizaci\u00f3n de estudios de paisaje o integraci\u00f3n paisaj\u00edstica. As\u00ed como evaluar suelos contaminados, calidad de aguas o estudios ac\u00fasticos.<\/p>\n<p>En definitiva, realizamos todo tipo de estudios que permitan evaluar, diagnosticar y atenuar las actuaciones humanas sobre el medio ambiente.[\/vc_column_text][\/vc_column][\/vc_row][vc_row][vc_column][vc_empty_space]\n<h2 class=\"edgtf-custom-font-holder\" style=\"font-weight: 300\" >\n\t\n\tProyectos relacionados \n\t\t\n\t<\/h2>[vc_empty_space]<div class = \"edgtf-portfolio-list-holder-outer edgtf-ptf-standard edgtf-ptf-three-columns edgtf-ptf-load-more edgtf-hover-outline\" data-next-page=\"2\" data-type=\"standard\" data-columns=\"3\" data-grid-size=\"three\" data-order-by=\"menu_order\" data-order=\"ASC\" data-number=\"-1\" data-image-size=\"full\" data-filter=\"no\" data-filter-order-by=\"name\" data-category=\"evaluacion-ambiental\" data-show-load-more=\"yes\" data-title-tag=\"h4\" data-max-num-pages = 0><div class = \"edgtf-portfolio-list-holder clearfix\" >\n<article class=\"edgtf-portfolio-item mix portfolio_category_356\">\n\t<div class = \"edgtf-item-image-holder\">\n\t\t<a href=\"https:\/\/ingenieriaprocon.com\/es\/portfolio-item\/estudio-de-impacto-ambiental-planta-rcd-benisaalicante\/\">\n\t\t\t<img loading=\"lazy\" decoding=\"async\" width=\"1000\" height=\"1000\" src=\"https:\/\/ingenieriaprocon.com\/wp-content\/uploads\/2018\/04\/destacada-eia-planta-rcd.jpg\" class=\"attachment-full size-full wp-post-image\" alt=\"\" srcset=\"https:\/\/ingenieriaprocon.com\/wp-content\/uploads\/2018\/04\/destacada-eia-planta-rcd.jpg 1000w, https:\/\/ingenieriaprocon.com\/wp-content\/uploads\/2018\/04\/destacada-eia-planta-rcd-300x300.jpg 300w, https:\/\/ingenieriaprocon.com\/wp-content\/uploads\/2018\/04\/destacada-eia-planta-rcd-100x100.jpg 100w, https:\/\/ingenieriaprocon.com\/wp-content\/uploads\/2018\/04\/destacada-eia-planta-rcd-600x600.jpg 600w, https:\/\/ingenieriaprocon.com\/wp-content\/uploads\/2018\/04\/destacada-eia-planta-rcd-150x150.jpg 150w, https:\/\/ingenieriaprocon.com\/wp-content\/uploads\/2018\/04\/destacada-eia-planta-rcd-768x768.jpg 768w, https:\/\/ingenieriaprocon.com\/wp-content\/uploads\/2018\/04\/destacada-eia-planta-rcd-550x550.jpg 550w\" sizes=\"auto, (max-width: 1000px) 100vw, 1000px\" \/>\t\t\t<span class=\"edgtf-view-project\">View Project<\/span>\n\t\t\t<span class=\"edgtf-hover-border\"><\/span>\n\t\t<\/a>\n\t<\/div>\n\t<div class=\"edgtf-item-text-holder\">\n\t\t<h4 class=\"edgtf-item-title\">\n\t\t\t<a href=\"https:\/\/ingenieriaprocon.com\/es\/portfolio-item\/estudio-de-impacto-ambiental-planta-rcd-benisaalicante\/\">\n\t\t\t\tEstudio de impacto ambiental planta RCD  (Benisa,Alicante)\t\t\t<\/a>\t\n\t\t<\/h4>\t\n\t\t<h6 class=\"edgtf-ptf-category-holder\"><span>Evaluaci\u00f3n ambiental<\/span><\/h6>\t<\/div>\n<\/article>\n\n\n<article class=\"edgtf-portfolio-item mix portfolio_category_356\">\n\t<div class = \"edgtf-item-image-holder\">\n\t\t<a href=\"https:\/\/ingenieriaprocon.com\/es\/portfolio-item\/estudio-de-integracion-paisajistica-nave-industrial-javeaalicante\/\">\n\t\t\t<img loading=\"lazy\" decoding=\"async\" width=\"1000\" height=\"1000\" src=\"https:\/\/ingenieriaprocon.com\/wp-content\/uploads\/2018\/04\/destacada-eip-nave-industrial.jpg\" class=\"attachment-full size-full wp-post-image\" alt=\"\" srcset=\"https:\/\/ingenieriaprocon.com\/wp-content\/uploads\/2018\/04\/destacada-eip-nave-industrial.jpg 1000w, https:\/\/ingenieriaprocon.com\/wp-content\/uploads\/2018\/04\/destacada-eip-nave-industrial-300x300.jpg 300w, https:\/\/ingenieriaprocon.com\/wp-content\/uploads\/2018\/04\/destacada-eip-nave-industrial-100x100.jpg 100w, https:\/\/ingenieriaprocon.com\/wp-content\/uploads\/2018\/04\/destacada-eip-nave-industrial-600x600.jpg 600w, https:\/\/ingenieriaprocon.com\/wp-content\/uploads\/2018\/04\/destacada-eip-nave-industrial-150x150.jpg 150w, https:\/\/ingenieriaprocon.com\/wp-content\/uploads\/2018\/04\/destacada-eip-nave-industrial-768x768.jpg 768w, https:\/\/ingenieriaprocon.com\/wp-content\/uploads\/2018\/04\/destacada-eip-nave-industrial-550x550.jpg 550w\" sizes=\"auto, (max-width: 1000px) 100vw, 1000px\" \/>\t\t\t<span class=\"edgtf-view-project\">View Project<\/span>\n\t\t\t<span class=\"edgtf-hover-border\"><\/span>\n\t\t<\/a>\n\t<\/div>\n\t<div class=\"edgtf-item-text-holder\">\n\t\t<h4 class=\"edgtf-item-title\">\n\t\t\t<a href=\"https:\/\/ingenieriaprocon.com\/es\/portfolio-item\/estudio-de-integracion-paisajistica-nave-industrial-javeaalicante\/\">\n\t\t\t\tEstudio de integraci\u00f3n paisaj\u00edstica nave industrial (Javea,Alicante)\t\t\t<\/a>\t\n\t\t<\/h4>\t\n\t\t<h6 class=\"edgtf-ptf-category-holder\"><span>Evaluaci\u00f3n ambiental<\/span><\/h6>\t<\/div>\n<\/article>\n\n\n<article class=\"edgtf-portfolio-item mix portfolio_category_356\">\n\t<div class = \"edgtf-item-image-holder\">\n\t\t<a href=\"https:\/\/ingenieriaprocon.com\/es\/portfolio-item\/estudio-de-integracion-paisajistica-vivero-de-plantas-javea-alicante\/\">\n\t\t\t<img loading=\"lazy\" decoding=\"async\" width=\"1000\" height=\"1000\" src=\"https:\/\/ingenieriaprocon.com\/wp-content\/uploads\/2018\/04\/destacada-eip-vivero.jpg\" class=\"attachment-full size-full wp-post-image\" alt=\"\" srcset=\"https:\/\/ingenieriaprocon.com\/wp-content\/uploads\/2018\/04\/destacada-eip-vivero.jpg 1000w, https:\/\/ingenieriaprocon.com\/wp-content\/uploads\/2018\/04\/destacada-eip-vivero-300x300.jpg 300w, https:\/\/ingenieriaprocon.com\/wp-content\/uploads\/2018\/04\/destacada-eip-vivero-100x100.jpg 100w, https:\/\/ingenieriaprocon.com\/wp-content\/uploads\/2018\/04\/destacada-eip-vivero-600x600.jpg 600w, https:\/\/ingenieriaprocon.com\/wp-content\/uploads\/2018\/04\/destacada-eip-vivero-150x150.jpg 150w, https:\/\/ingenieriaprocon.com\/wp-content\/uploads\/2018\/04\/destacada-eip-vivero-768x768.jpg 768w, https:\/\/ingenieriaprocon.com\/wp-content\/uploads\/2018\/04\/destacada-eip-vivero-550x550.jpg 550w\" sizes=\"auto, (max-width: 1000px) 100vw, 1000px\" \/>\t\t\t<span class=\"edgtf-view-project\">View Project<\/span>\n\t\t\t<span class=\"edgtf-hover-border\"><\/span>\n\t\t<\/a>\n\t<\/div>\n\t<div class=\"edgtf-item-text-holder\">\n\t\t<h4 class=\"edgtf-item-title\">\n\t\t\t<a href=\"https:\/\/ingenieriaprocon.com\/es\/portfolio-item\/estudio-de-integracion-paisajistica-vivero-de-plantas-javea-alicante\/\">\n\t\t\t\tEstudio de integraci\u00f3n paisaj\u00edstica vivero de plantas (Javea,Alicante)\t\t\t<\/a>\t\n\t\t<\/h4>\t\n\t\t<h6 class=\"edgtf-ptf-category-holder\"><span>Evaluaci\u00f3n ambiental<\/span><\/h6>\t<\/div>\n<\/article>\n\n<div class='edgtf-portfolio-gap'><\/div>\n<div class='edgtf-portfolio-gap'><\/div>\n<div class='edgtf-portfolio-gap'><\/div>\n<\/div><\/div>[\/vc_column][\/vc_row]<\/p>\n","protected":false},"excerpt":{"rendered":"<p>[vc_row][vc_column][vc_empty_space height=\u00bb0&#8243; css=\u00bb.vc_custom_1464093011147{margin-top: -9px !important;}\u00bb][\/vc_column][\/vc_row][vc_row][vc_column][vc_single_image image=\u00bb7884&#8243; img_size=\u00bbfull\u00bb][\/vc_column][\/vc_row][vc_row css=\u00bb.vc_custom_1462367302295{padding-top: 40px !important;}\u00bb][vc_column][vc_column_text]En INGENIER\u00cdA PROCON disponemos de un equipo de ingenieros t\u00e9cnicos especializados en la realizaci\u00f3n de estudios espec\u00edficos para la evaluaci\u00f3n del impacto ambiental, o la realizaci\u00f3n de estudios de paisaje o integraci\u00f3n paisaj\u00edstica. As\u00ed como evaluar&#8230;<\/p>\n","protected":false},"author":1,"featured_media":0,"parent":6699,"menu_order":0,"comment_status":"closed","ping_status":"closed","template":"","meta":{"footnotes":""},"class_list":["post-6703","page","type-page","status-publish","hentry"],"_links":{"self":[{"href":"https:\/\/ingenieriaprocon.com\/es\/wp-json\/wp\/v2\/pages\/6703","targetHints":{"allow":["GET"]}}],"collection":[{"href":"https:\/\/ingenieriaprocon.com\/es\/wp-json\/wp\/v2\/pages"}],"about":[{"href":"https:\/\/ingenieriaprocon.com\/es\/wp-json\/wp\/v2\/types\/page"}],"author":[{"embeddable":true,"href":"https:\/\/ingenieriaprocon.com\/es\/wp-json\/wp\/v2\/users\/1"}],"replies":[{"embeddable":true,"href":"https:\/\/ingenieriaprocon.com\/es\/wp-json\/wp\/v2\/comments?post=6703"}],"version-history":[{"count":12,"href":"https:\/\/ingenieriaprocon.com\/es\/wp-json\/wp\/v2\/pages\/6703\/revisions"}],"predecessor-version":[{"id":7937,"href":"https:\/\/ingenieriaprocon.com\/es\/wp-json\/wp\/v2\/pages\/6703\/revisions\/7937"}],"up":[{"embeddable":true,"href":"https:\/\/ingenieriaprocon.com\/es\/wp-json\/wp\/v2\/pages\/6699"}],"wp:attachment":[{"href":"https:\/\/ingenieriaprocon.com\/es\/wp-json\/wp\/v2\/media?parent=6703"}],"curies":[{"name":"wp","href":"https:\/\/api.w.org\/{rel}","templated":true}]}}