{"id":6832,"date":"2018-02-22T15:20:48","date_gmt":"2018-02-22T15:20:48","guid":{"rendered":"http:\/\/nueva.ingenieriaprocon.com\/?page_id=6832"},"modified":"2018-06-21T10:42:09","modified_gmt":"2018-06-21T10:42:09","slug":"edificacion-residencial","status":"publish","type":"page","link":"https:\/\/ingenieriaprocon.com\/es\/arquitectura\/edificacion-residencial\/","title":{"rendered":"Edificaci\u00f3n Residencial"},"content":{"rendered":"<p>[vc_row][vc_column][vc_empty_space height=\u00bb0&#8243; css=\u00bb.vc_custom_1464093011147{margin-top: -9px !important;}\u00bb][\/vc_column][\/vc_row][vc_row][vc_column][vc_single_image image=\u00bb7812&#8243; img_size=\u00bbfull\u00bb][\/vc_column][\/vc_row][vc_row css=\u00bb.vc_custom_1462367302295{padding-top: 40px !important;}\u00bb][vc_column][vc_column_text]<strong>INGENIER\u00cdA PROCON<\/strong> ofrece un servicio<em> integral<\/em> de arquitectura e ingenier\u00eda en el desarrollo de proyectos de edificaci\u00f3n para un uso residencial. Contamos con una larga trayectoria en el \u00e1mbito de la edificaci\u00f3n residencial nueva o de reforma.<\/p>\n<p>Nuestros servicios en esta categor\u00eda incluyen:<\/p>\n<p><strong>Estudios<br \/>\n<\/strong>&#8211; Estudios de viabilidad, factibilidad y costes.<br \/>\n&#8211; Estudios de impacto ambiental.<br \/>\n&#8211; Estudios de eficiencia energ\u00e9tica.<br \/>\n&#8211; Estudios de edificaci\u00f3n sostenible.<br \/>\n&#8211; Estudios ac\u00fasticos.<br \/>\n&#8211; Levantamiento topogr\u00e1fico.<br \/>\n&#8211; Conceptualizaci\u00f3n y anteproyecto.<br \/>\n&#8211; Tramites con organismos.<\/p>\n<p><strong>Dise\u00f1o<br \/>\n<\/strong>&#8211; Proyectos b\u00e1sicos y de ejecuci\u00f3n de viviendas unifamiliares y plurifamiliares.<br \/>\n&#8211; Proyectos de estructuras de hormig\u00f3n, acero, madera o mixtas.<br \/>\n&#8211; Proyectos de aparcamientos subterr\u00e1neos.<br \/>\n&#8211; Proyectos de maquinaria e instalaciones.<br \/>\n&#8211; Proyectos de climatizaci\u00f3n.<br \/>\n&#8211; Proyectos el\u00e9ctricos.<br \/>\n&#8211; Proyectos de interiorismo.<br \/>\n&#8211; Proyectos As-Built.<br \/>\n&#8211; Modelado 3d.<\/p>\n<p><strong>Direcci\u00f3n de obra<br \/>\n<\/strong>&#8211; Control y Supervisi\u00f3n de las obras.<\/p>\n<p><strong>Construcci\u00f3n<br \/>\n<\/strong>&#8211; Ejecuci\u00f3n como contratista de las obras.<br \/>\n&#8211; Entrega llave en mano.[\/vc_column_text][\/vc_column][\/vc_row][vc_row][vc_column][vc_empty_space height=\u00bb50px\u00bb]\n<h2 class=\"edgtf-custom-font-holder\" style=\"font-weight: 200\" >\n\t\n\tProyectos Relacionados\n\t\t\n\t<\/h2>[vc_empty_space]<div class = \"edgtf-portfolio-list-holder-outer edgtf-ptf-standard edgtf-ptf-three-columns edgtf-ptf-load-more edgtf-hover-outline\" data-next-page=\"2\" data-type=\"standard\" data-columns=\"3\" data-grid-size=\"three\" data-order-by=\"menu_order\" data-order=\"ASC\" data-number=\"-1\" data-image-size=\"full\" data-filter=\"no\" data-filter-order-by=\"name\" data-category=\"Edificaci\u00f3n Residencial\" data-show-load-more=\"yes\" data-title-tag=\"h4\" data-max-num-pages = 0><div class = \"edgtf-portfolio-list-holder clearfix\" >\n<article class=\"edgtf-portfolio-item mix portfolio_category_333\">\n\t<div class = \"edgtf-item-image-holder\">\n\t\t<a href=\"https:\/\/ingenieriaprocon.com\/es\/portfolio-item\/vivienda-unifamiliar-mediterranea-brisa-benissa-alicante\/\">\n\t\t\t<img loading=\"lazy\" decoding=\"async\" width=\"1000\" height=\"1000\" src=\"https:\/\/ingenieriaprocon.com\/wp-content\/uploads\/2018\/03\/destacada-arquitectura-residencial-casa-1.jpg\" class=\"attachment-full size-full wp-post-image\" alt=\"\" srcset=\"https:\/\/ingenieriaprocon.com\/wp-content\/uploads\/2018\/03\/destacada-arquitectura-residencial-casa-1.jpg 1000w, https:\/\/ingenieriaprocon.com\/wp-content\/uploads\/2018\/03\/destacada-arquitectura-residencial-casa-1-300x300.jpg 300w, https:\/\/ingenieriaprocon.com\/wp-content\/uploads\/2018\/03\/destacada-arquitectura-residencial-casa-1-100x100.jpg 100w, https:\/\/ingenieriaprocon.com\/wp-content\/uploads\/2018\/03\/destacada-arquitectura-residencial-casa-1-600x600.jpg 600w, https:\/\/ingenieriaprocon.com\/wp-content\/uploads\/2018\/03\/destacada-arquitectura-residencial-casa-1-150x150.jpg 150w, https:\/\/ingenieriaprocon.com\/wp-content\/uploads\/2018\/03\/destacada-arquitectura-residencial-casa-1-768x768.jpg 768w, https:\/\/ingenieriaprocon.com\/wp-content\/uploads\/2018\/03\/destacada-arquitectura-residencial-casa-1-550x550.jpg 550w\" sizes=\"auto, (max-width: 1000px) 100vw, 1000px\" \/>\t\t\t<span class=\"edgtf-view-project\">View Project<\/span>\n\t\t\t<span class=\"edgtf-hover-border\"><\/span>\n\t\t<\/a>\n\t<\/div>\n\t<div class=\"edgtf-item-text-holder\">\n\t\t<h4 class=\"edgtf-item-title\">\n\t\t\t<a href=\"https:\/\/ingenieriaprocon.com\/es\/portfolio-item\/vivienda-unifamiliar-mediterranea-brisa-benissa-alicante\/\">\n\t\t\t\tVivienda Unifamiliar Mediterr\u00e1nea Brisa (Benissa-Alicante)\t\t\t<\/a>\t\n\t\t<\/h4>\t\n\t\t<h6 class=\"edgtf-ptf-category-holder\"><span>Edificaci\u00f3n Residencial<\/span><\/h6>\t<\/div>\n<\/article>\n\n\n<article class=\"edgtf-portfolio-item mix portfolio_category_333\">\n\t<div class = \"edgtf-item-image-holder\">\n\t\t<a href=\"https:\/\/ingenieriaprocon.com\/es\/portfolio-item\/vivienda-unifamiliar-la-olivera-teulada-alicante\/\">\n\t\t\t<img loading=\"lazy\" decoding=\"async\" width=\"1000\" height=\"1000\" src=\"https:\/\/ingenieriaprocon.com\/wp-content\/uploads\/2018\/03\/edificacion-residencial-unifamiliar-rustica-1.jpg\" class=\"attachment-full size-full wp-post-image\" alt=\"\" srcset=\"https:\/\/ingenieriaprocon.com\/wp-content\/uploads\/2018\/03\/edificacion-residencial-unifamiliar-rustica-1.jpg 1000w, https:\/\/ingenieriaprocon.com\/wp-content\/uploads\/2018\/03\/edificacion-residencial-unifamiliar-rustica-1-300x300.jpg 300w, https:\/\/ingenieriaprocon.com\/wp-content\/uploads\/2018\/03\/edificacion-residencial-unifamiliar-rustica-1-100x100.jpg 100w, https:\/\/ingenieriaprocon.com\/wp-content\/uploads\/2018\/03\/edificacion-residencial-unifamiliar-rustica-1-600x600.jpg 600w, https:\/\/ingenieriaprocon.com\/wp-content\/uploads\/2018\/03\/edificacion-residencial-unifamiliar-rustica-1-150x150.jpg 150w, https:\/\/ingenieriaprocon.com\/wp-content\/uploads\/2018\/03\/edificacion-residencial-unifamiliar-rustica-1-768x768.jpg 768w, https:\/\/ingenieriaprocon.com\/wp-content\/uploads\/2018\/03\/edificacion-residencial-unifamiliar-rustica-1-550x550.jpg 550w\" sizes=\"auto, (max-width: 1000px) 100vw, 1000px\" \/>\t\t\t<span class=\"edgtf-view-project\">View Project<\/span>\n\t\t\t<span class=\"edgtf-hover-border\"><\/span>\n\t\t<\/a>\n\t<\/div>\n\t<div class=\"edgtf-item-text-holder\">\n\t\t<h4 class=\"edgtf-item-title\">\n\t\t\t<a href=\"https:\/\/ingenieriaprocon.com\/es\/portfolio-item\/vivienda-unifamiliar-la-olivera-teulada-alicante\/\">\n\t\t\t\tVivienda Unifamiliar La Olivera (Teulada-Alicante)\t\t\t<\/a>\t\n\t\t<\/h4>\t\n\t\t<h6 class=\"edgtf-ptf-category-holder\"><span>Edificaci\u00f3n Residencial<\/span><\/h6>\t<\/div>\n<\/article>\n\n\n<article class=\"edgtf-portfolio-item mix portfolio_category_333\">\n\t<div class = \"edgtf-item-image-holder\">\n\t\t<a href=\"https:\/\/ingenieriaprocon.com\/es\/portfolio-item\/vivienda-unifamiliar-antigua-serreria-gata-de-gorgos-alicante\/\">\n\t\t\t<img loading=\"lazy\" decoding=\"async\" width=\"1000\" height=\"1000\" src=\"https:\/\/ingenieriaprocon.com\/wp-content\/uploads\/2018\/03\/destacada-residencial-serreria.jpg\" class=\"attachment-full size-full wp-post-image\" alt=\"\" srcset=\"https:\/\/ingenieriaprocon.com\/wp-content\/uploads\/2018\/03\/destacada-residencial-serreria.jpg 1000w, https:\/\/ingenieriaprocon.com\/wp-content\/uploads\/2018\/03\/destacada-residencial-serreria-300x300.jpg 300w, https:\/\/ingenieriaprocon.com\/wp-content\/uploads\/2018\/03\/destacada-residencial-serreria-100x100.jpg 100w, https:\/\/ingenieriaprocon.com\/wp-content\/uploads\/2018\/03\/destacada-residencial-serreria-600x600.jpg 600w, https:\/\/ingenieriaprocon.com\/wp-content\/uploads\/2018\/03\/destacada-residencial-serreria-150x150.jpg 150w, https:\/\/ingenieriaprocon.com\/wp-content\/uploads\/2018\/03\/destacada-residencial-serreria-768x768.jpg 768w, https:\/\/ingenieriaprocon.com\/wp-content\/uploads\/2018\/03\/destacada-residencial-serreria-550x550.jpg 550w\" sizes=\"auto, (max-width: 1000px) 100vw, 1000px\" \/>\t\t\t<span class=\"edgtf-view-project\">View Project<\/span>\n\t\t\t<span class=\"edgtf-hover-border\"><\/span>\n\t\t<\/a>\n\t<\/div>\n\t<div class=\"edgtf-item-text-holder\">\n\t\t<h4 class=\"edgtf-item-title\">\n\t\t\t<a href=\"https:\/\/ingenieriaprocon.com\/es\/portfolio-item\/vivienda-unifamiliar-antigua-serreria-gata-de-gorgos-alicante\/\">\n\t\t\t\tVivienda Unifamiliar Antigua Serrer\u00eda (Gata de Gorgos,Alicante)\t\t\t<\/a>\t\n\t\t<\/h4>\t\n\t\t<h6 class=\"edgtf-ptf-category-holder\"><span>Edificaci\u00f3n Residencial<\/span><\/h6>\t<\/div>\n<\/article>\n\n<div class='edgtf-portfolio-gap'><\/div>\n<div class='edgtf-portfolio-gap'><\/div>\n<div class='edgtf-portfolio-gap'><\/div>\n<\/div><\/div>[\/vc_column][\/vc_row]<\/p>\n","protected":false},"excerpt":{"rendered":"<p>[vc_row][vc_column][vc_empty_space height=\u00bb0&#8243; css=\u00bb.vc_custom_1464093011147{margin-top: -9px !important;}\u00bb][\/vc_column][\/vc_row][vc_row][vc_column][vc_single_image image=\u00bb7812&#8243; img_size=\u00bbfull\u00bb][\/vc_column][\/vc_row][vc_row css=\u00bb.vc_custom_1462367302295{padding-top: 40px !important;}\u00bb][vc_column][vc_column_text]INGENIER\u00cdA PROCON ofrece un servicio integral de arquitectura e ingenier\u00eda en el desarrollo de proyectos de edificaci\u00f3n para un uso residencial. Contamos con una larga trayectoria en el \u00e1mbito de la edificaci\u00f3n residencial nueva o de&#8230;<\/p>\n","protected":false},"author":1,"featured_media":0,"parent":6821,"menu_order":0,"comment_status":"closed","ping_status":"closed","template":"","meta":{"footnotes":""},"class_list":["post-6832","page","type-page","status-publish","hentry"],"_links":{"self":[{"href":"https:\/\/ingenieriaprocon.com\/es\/wp-json\/wp\/v2\/pages\/6832","targetHints":{"allow":["GET"]}}],"collection":[{"href":"https:\/\/ingenieriaprocon.com\/es\/wp-json\/wp\/v2\/pages"}],"about":[{"href":"https:\/\/ingenieriaprocon.com\/es\/wp-json\/wp\/v2\/types\/page"}],"author":[{"embeddable":true,"href":"https:\/\/ingenieriaprocon.com\/es\/wp-json\/wp\/v2\/users\/1"}],"replies":[{"embeddable":true,"href":"https:\/\/ingenieriaprocon.com\/es\/wp-json\/wp\/v2\/comments?post=6832"}],"version-history":[{"count":11,"href":"https:\/\/ingenieriaprocon.com\/es\/wp-json\/wp\/v2\/pages\/6832\/revisions"}],"predecessor-version":[{"id":7921,"href":"https:\/\/ingenieriaprocon.com\/es\/wp-json\/wp\/v2\/pages\/6832\/revisions\/7921"}],"up":[{"embeddable":true,"href":"https:\/\/ingenieriaprocon.com\/es\/wp-json\/wp\/v2\/pages\/6821"}],"wp:attachment":[{"href":"https:\/\/ingenieriaprocon.com\/es\/wp-json\/wp\/v2\/media?parent=6832"}],"curies":[{"name":"wp","href":"https:\/\/api.w.org\/{rel}","templated":true}]}}